{"id":923,"date":"2023-11-05T17:51:44","date_gmt":"2023-11-05T17:51:44","guid":{"rendered":"https:\/\/escritoras-em-portugues.com\/?page_id=923"},"modified":"2024-06-04T22:04:30","modified_gmt":"2024-06-04T22:04:30","slug":"catarina-micaela-de-sousa-cesar-e-lencastre-1a-viscondessa-de-balsemao","status":"publish","type":"page","link":"https:\/\/escritoras-em-portugues.com\/pt_pt\/xviii\/catarina-micaela-de-sousa-cesar-e-lencastre-1a-viscondessa-de-balsemao\/","title":{"rendered":"Catarina Micaela de Sousa C\u00e9sar e Lencastre, 1\u00aa Viscondessa de Balsem\u00e3o"},"content":{"rendered":"<p><strong>NOME <\/strong><span lang=\"PT\">Catarina Micaela de Sousa C\u00e9sar e Lencastre, 1\u00aa Viscondessa de Balsem\u00e3o<\/span><\/p>\n<p><strong>OUTROS NOMES <\/strong>Catarina de Lencastre, Catarina Pinto, Catarina Pinto de Sousa, Catarina de Sousa<\/p>\n<p><strong>PSEUD\u00d3NIMOS <\/strong>Nat\u00e9rcia, Cor\u00edntia, C\u00e9lia, Safo Portuguesa<\/p>\n<h4><\/h4>\n<h4><strong>Elementos biogr\u00e1ficos<\/strong><\/h4>\n<div><b><span lang=\"PT\">PAI <\/span><\/b>Francisco Filipe de Sousa da Silva Alcoforado, Senhor de Vila Pouca<\/div>\n<div><\/div>\n<div>\n<p style=\"font-weight: 400;\"><strong>M\u00c3E<\/strong> Rosa Maria de Viterbo C\u00e9sar de Lencastre<\/p>\n<p style=\"font-weight: 400;\"><strong>LOCAL DE NASCIMENTO<\/strong> Guimar\u00e3es<\/p>\n<p style=\"font-weight: 400;\"><strong>DATA DE NASCIMENTO<\/strong> 29 de Setembro de 1749<\/p>\n<p style=\"font-weight: 400;\"><strong>LOCAL DE BAPTISMO<\/strong> Guimar\u00e3es<\/p>\n<p style=\"font-weight: 400;\"><strong>DATA DE BAPTISMO<\/strong> 8 de Outubro de 1749<\/p>\n<p style=\"font-weight: 400;\"><strong>LOCAL DA MORTE<\/strong> Porto<\/p>\n<p style=\"font-weight: 400;\"><strong>DATA DA MORTE<\/strong> 4 de Janeiro de 1824<\/p>\n<p style=\"font-weight: 400;\"><strong>ESTADO<\/strong> Casada<\/p>\n<p style=\"font-weight: 400;\"><strong>C\u00d4NJUGE<\/strong> Lu\u00eds Pinto de Sousa Coutinho<\/p>\n<p style=\"font-weight: 400;\"><strong>LUGAR E DATA DE CASAMENTO<\/strong> 21 de Agosto de 1767 (segundo Geneall.net) 1772(?)<\/p>\n<p style=\"font-weight: 400;\"><strong>CHILDREN \/ FILHOS<\/strong> 6<\/p>\n<p style=\"font-weight: 400;\"><a href=\"http:\/\/www.geneall.net\/P\/per_page.php?id=55210\">Luis M\u00e1ximo Alfredo Pinto de Sousa Coutinho, 2\u00ba visconde de Balsem\u00e3o<\/a> * bp 30.05.1774 Maria Rosa Alvo Brand\u00e3o Perestrelo de Azevedo<\/p>\n<p style=\"font-weight: 400;\"><a href=\"http:\/\/www.geneall.net\/P\/per_page.php?id=25221\">Em\u00edlia Henriqueta Pinto de Sousa Coutinho<\/a> * 11.08.1775 Fernando Jos\u00e9 Correia Brand\u00e3o Bettencourt Henriques de Noronha, 1\u00ba visconde da Torre Bela<\/p>\n<p style=\"font-weight: 400;\"><a href=\"http:\/\/www.geneall.net\/P\/per_page.php?id=57486\">Maria Felicidade de Sousa Coutinho<\/a> 1776Benito Fernandez Correa, marqu\u00e9s de Moz<\/p>\n<p style=\"font-weight: 400;\"><a href=\"http:\/\/www.geneall.net\/P\/per_page.php?id=55157\">Aires Pinto de Sousa Coutinho Cochofel Alcoforado<\/a> * 12.05.1778 Maria do Carmo de Mendon\u00e7a Cardoso Figueira de Azevedo Menezes e Sousa<\/p>\n<p style=\"font-weight: 400;\"><a href=\"http:\/\/www.geneall.net\/P\/per_page.php?id=49987\">Josefa Adelaide Pinto de Sousa Coutinho<\/a> * c. 1780 Jos\u00e9 Guedes de Magalh\u00e3es Os\u00f3rio, senhor do morgado de Santa Comba<\/p>\n<p style=\"font-weight: 400;\"><a href=\"http:\/\/www.geneall.net\/P\/per_page.php?id=25214\">Augusta Matilde Pinto de Sousa Coutinho<\/a> * c. 1785 Gon\u00e7alo Barba Alardo de Menezes Barros e Lencastre<\/p>\n<div><b><span lang=\"PT\">IDIOMAS <\/span><\/b>Ingl\u00eas, franc\u00eas, italiano<\/div>\n<div><\/div>\n<div><\/div>\n<div><\/div>\n<\/div>\n<h4><strong>Obra<\/strong><\/h4>\n<p><strong>OBRAS \u00a0MANUSCRITAS<\/strong><\/p>\n<blockquote>\n<p style=\"font-weight: 400;\"><em>Apologia das obras novamente publicadas por Francisco Manuel em Paris<\/em><\/p>\n<p style=\"font-weight: 400;\">ALMEIDA, Maria Ernestina d\u2019 <em>Poezias da Viscondessa de Balsem\u00e3o D. Catharina publicadas por Maria Ernestina d\u2019Almeida, <\/em>Lisboa, 1842 (BN Res Cod 8755)<\/p>\n<p style=\"font-weight: 400;\"><em>Obras po\u00e9ticas da Exma Senhora Dona Catherina Michaella de Sousa Pinto Balsem\u00e3o, <\/em>Lisboa, 1788 \u2013 Biblioteca Nacional de Portugal, Lisboa<\/p>\n<p style=\"font-weight: 400;\"><em>Obras po\u00e9ticas da Exma Senhora Dona Catrina de Sousa Visconde\u00e7a de Balsem\u00e3o, <\/em>[1820] \u2013 Biblioteca Nacional de Portugal, Lisboa<\/p>\n<p style=\"font-weight: 400;\">\u201cPoesias da Viscondessa de Balsem\u00e3o\u201d in.: <em>Manuscritos do Coronel Giraldes,<\/em>\u00a0Biblioteca da Academia das Ci\u00eancias de Lisboa<\/p>\n<p style=\"font-weight: 400;\">\u201cPoesias da Viscondessa de Balsem\u00e3o\u201d in.: Jozeph de Sousa Silva, <em>Amusement curieux et divertissement propre \u00e0 \u00e9gayer l\u2019esprit <\/em>Coimbra, 1808 \u2013 Biblioteca Geral da Universidade de Coimbra, Coimbra<\/p>\n<p style=\"font-weight: 400;\"><em>Caderno de F\u00e1bulas dedicadas ou atribu\u00eddas a Exm\u00aa Snr\u00aa D. Catharina de Souza Cezar e Lencastre<\/em> [1806] \u2013 Biblioteca P\u00fablica Municipal do Porto<\/p>\n<\/blockquote>\n<p style=\"font-weight: 400;\"><strong>OBRAS DESAPARECIDAS <\/strong><\/p>\n<blockquote>\n<p style=\"font-weight: 400;\"><em>Cora e Alonso, ou a Virgem do Sol. Drama em tr\u00eas actos<\/em><\/p>\n<p style=\"font-weight: 400;\">Imita\u00e7\u00e3o d\u2019<em> As Solid\u00f5es, Poema em dois cantos<\/em>, do Bar\u00e3o de Cronegk<\/p>\n<p style=\"font-weight: 400;\"><em>Fabulas<\/em><\/p>\n<p style=\"font-weight: 400;\"><em>Collec\u00e7\u00e3o de Apologos<\/em><\/p>\n<p style=\"font-weight: 400;\"><em>Poezias da Ill.ma\/ Snr\u00aa D. Catherina de Souza Cezar e Lencastre\/ Copiadas no anno de 1793, por o seu Criado Henrique Correa\u2026<\/em>(Biblioteca P\u00fablica Municipal do Porto \u2013 manuscrito da Casa Balsem\u00e3o)<\/p>\n<p><em style=\"font-weight: 400;\">\u00a0<\/em><em style=\"font-weight: 400;\">V\u00e1rios poemas<\/em> (apud., Innocencio Francisco da SILVA,<em style=\"font-weight: 400;\"> Dicion\u00e1rio Bibliografico\u00a0<\/em><i>Portugu\u00eas<\/i>, Lisboa, Imprensa Nacional, volume IX, p. 59)<\/p><\/blockquote>\n<p style=\"font-weight: 400;\"><strong>OBRAS IMPRESSAS<\/strong><\/p>\n<blockquote><p>&#8220;Ode a Mirtillo (de Corinthia)&#8221;, <i>apud<\/i> Luis Rafael Soy\u00e9 (1787), <i>Sonho. Poema Erotico que as beneficas m\u00e3os de nosso Augusto e Amabilissimo Principe do Brasil off&#8230;.<\/i>, Lisboa, Off. Patriarcal de Francisco Luis Ameno, pp.\u00a0LV-LVII<\/p>\n<p><em>\u201cOde ao Marquez de Pombal Sebasti\u00e3o Jos\u00e9 de Carvalho e Mello\u201d,<\/em><\/p>\n<p><i>Ode na Morte do Marquez de Pombal<\/i>. &#8220;N\u00e3o de bronzes ou m\u00e1rmores antigos&#8221;<i>, Collec\u00e7\u00e3o de poesias in\u00e9ditas dos melhores authores portuguezes<\/i>, Lisboa, Off. de Joaquim Rodrigues d&#8217;Andrade, 1810, tomo II, p.\u00a010<\/p>\n<p style=\"font-weight: 400;\"><em>Collec\u00e7\u00e3o de Poesias In\u00e9ditas dos melhores autores portugueses, <\/em>Lisboa, Imprensa R\u00e9gia, 1808, pp. 109-114.<\/p>\n<p><i>Aos Amigos da P\u00e1tria<\/i>, s.l., s.d. [1808?]<\/p>\n<p><i>O Reconhecimento dos nossos fi\u00e9is alliados<\/i>, s.l., s.d.[1808?]<\/p>\n<p><i>Soneto que se recitou no Real Theatro de S. Jo\u00e3o da Cidade do Porto por motivo da feliz Acclama\u00e7\u00e3o de Suas Magestades Fidelissimas no sempre memoravel dia 4 de Junho de 1823<\/i>, Porto, Typ. Vi\u00fava Alvarez Ribeiro &amp; Filhos, 1823. Existe outra edi\u00e7\u00e3o do mesmo soneto: Lisboa, Regia Typ. Silviana, 1823.<\/p>\n<p><i>Soneto da Ex.ma Viscondessa de Balsem\u00e3o, D. Catharina<\/i> [&#8220;Tu que reges, Senhor, altos destinos&#8221;], Porto, Imp. na rua de Santo Ant\u00f3nio, 1823.<\/p>\n<p>&#8220;Tempere a Lyra em tom alti-sonante&#8221;, in.: Filinto ELYSIO, \u00a0<i>Obras de <\/i><em>Filino Elysio<\/em>, nova ed., Lisboa, Typ. Rollandiana, 1837, tomo IV, pp. 229\u2013234.<\/p>\n<p><i>Soneto de D. Catharina Michaela de Souza Cezar e Lencastre, Dama de S. Jo\u00e3o de Jerusalem, e pimeira [sic] Viscondessa de Balsem\u00e3o, por ella feito, e recitado em seus ultimos momentos, glosado por Francisco Joaquim Bingre em 2 de Dezembro de 1845. Aos oitenta e trez annos de sua idade,<\/i> Aveiro, Typ. do Governo Civil, 1846<\/p>\n<p><i>Miscel\u00e2nea po\u00e9tica. Jornal de poesias in\u00e9ditas. Primeira Collec\u00e7\u00e3o publicada de Jan. a Junho de 1851<\/i>, Porto, Loja de F. G. da Fonseca, 1851, p.\u00a033, p.\u00a081, p.\u00a090, p.\u00a0113<\/p>\n<p><i>Miscel\u00e2nea po\u00e9tica. Jornal de poesias in\u00e9ditas. Segunda Collec\u00e7\u00e3o publicada de Julho de 1851 a Agosto de 1852<\/i>, Porto, Loja de F. G. da Fonseca, 1852, p.\u00a089<\/p>\n<p><i>Sapho. Quadras<\/i> [&#8220;Sapho ao mar se precipita&#8221;] in.: <i>Almanach de Lembran\u00e7as Luso-Brasileiro para o ano de 1863,<\/i> org. Alexandre Magno Castilho, Lisboa, Imprensa Nacional, 1862, p. 376.<\/p>\n<p><i>Ode\/ Composta ha mais de 120 annos\/ por\/ D. Catharina Michaela de Sousa Cesar de Lencastre\/ Viscondessa de Balsem\u00e3o\/ e agora impressa\/ por occasi\u00e3o do casamento\/ da Ex.ma Sr.\u00aa\/ D. Margarida Pinto de Sousa Coutinho\/ filha do bisneto da auctora\/ o actual Visconde de Balsem\u00e3o\/ com o Ex.mo Sr.\/ Dr. Joaquim Luiz Fernandes\/ aos 8 de Julho de 1909<\/i>, s.l., 1909.<\/p>\n<p><i>Uma Paix\u00e3o<\/i> [Soneto &#8220;Inda existe, cruel, inda em meu peito&#8221;], <i>Miscel\u00e2nea po\u00e9tica. Jornal de poesias in\u00e9ditas. Primeira Collec\u00e7\u00e3o publicada de Jan. a Junho de 1851<\/i>, Porto, Loja de F. G. da Fonseca, 1851, p. 33.<\/p>\n<p>Can\u00e7\u00e3o &#8220;Const\u00e2ncia, cora\u00e7\u00e3o! Que mais te assusta?&#8221;, &#8220;Enfim, rispido Elmano, est\u00e3o quebrados&#8221;, &#8220;Desce do c\u00e9u, \u00f3 Musa encantadora&#8221;, &#8220;Houve tempo em que eu cantava&#8221;, <i>Voltarete<\/i> [&#8220;N\u00e3o canto a guerra&#8221;], &#8220;Passei dos anos a esta\u00e7\u00e3o primeira&#8221;, &#8220;Um rato destruidor&#8221;, &#8220;Grande entre os grandes, de const\u00e2ncia armado&#8221; [soneto ao Marqu\u00eas de Pombal], &#8220;Qual a nau que dos ventos combatida&#8221; in.: COSTA, D. Ant\u00f3nio da,\u00a0<i>A Mulher em Portugal. Obra posthuma publicada em benef\u00edcio de uma crean\u00e7a<\/i>, Lisboa, Typ. da Comp. Nac. Editora, 1892, p. 213 ss.<\/p>\n<p>BORRALHO, Maria Lu\u00edsa Malato, <i>Poemas de Catarina de Lencastre, 1.\u00aa Viscondessa de Balsem\u00e3o, com breve introdu\u00e7\u00e3o biobibliogr\u00e1fica<\/i>, Vila Nova de Cerveira, Portugal, Porta XIII. 2014.<\/p><\/blockquote>\n<p style=\"font-weight: 400;\"><strong>Colabora\u00e7\u00e3o em publica\u00e7\u00f5es peri\u00f3dicas <\/strong><\/p>\n<blockquote>\n<p style=\"font-weight: 400;\"><em>Almanach de lembran\u00e7as luso-brasileiro<\/em> (1857-1862),<\/p>\n<p style=\"font-weight: 400;\"><em>Miscelania po\u00e9tica. Jornal de poesias in\u00e9ditas<\/em> (1851-1852)<\/p>\n<p style=\"font-weight: 400;\">\u201cOde ao Marqu\u00eas de Pombal\u201d <em>Miscel\u00e2nia po\u00e9tica. Jornal de poesias in\u00e9ditas<\/em> (1851-1852)<\/p>\n<\/blockquote>\n<p style=\"font-weight: 400;\"><strong>Obras em publica\u00e7\u00f5es peri\u00f3dicas<\/strong><\/p>\n<blockquote>\n<p style=\"font-weight: 400;\">A <em>Revista Liter\u00e1ria do Porto<\/em> publicou entre 1838 e 1842 oito f\u00e1bulas da autora<\/p>\n<p style=\"font-weight: 400;\"><em>Correio do Porto, <\/em>n\u00ba 5, 24-0-1824, pp. 19-20<\/p>\n<p style=\"font-weight: 400;\"><em>Correio do Porto<\/em>, n\u00ba 5, 5 de Janeiro de 1834<\/p>\n<p style=\"font-weight: 400;\"><em>\u00a0<\/em><em>Miscel\u00e2nea Po\u00e9tica, Jornal de Poesias In\u00e9ditas, <\/em>Porto, F. G. Fonseca Livreiro e Editor, 1851-1852, n\u00bas 5, 6, 9, 11, 12, 15 1851; n\u00ba 35 1852.<\/p>\n<p style=\"font-weight: 400;\"><em>Almanaque Luso-brasileiro, <\/em>Lisboa, Typographia Universal, 1856, pp. 227-237.<\/p>\n<\/blockquote>\n<p>&nbsp;<\/p>\n<h4><strong>Bibliografia:<\/strong><\/h4>\n<p style=\"font-weight: 400;\">ANAST\u00c1CIO, Vanda, \u00abPoesia e Sociabilidade: Bocage, a Marquesa de Alorna e a Viscondessa de Balsem\u00e3o\u00bb Martin Neumann (coord.), <em>Zwischen allen St\u00fchlen. Manuel Maria Barbosa du Bocage<\/em>, Bonn, Romanistischer Verlag, 2006, pp. 21-34.<\/p>\n<p>BALBI, Adrian, <i>Essai statistique sur le Royaume de Portugal et d&#8217;Algarve compar\u00e9 aux autres \u00e9tats de l&#8217;Europe et suivi d&#8217;un coup d&#8217;oeil sur l&#8217;\u00e9tat actuel des sciences<\/i>. Paris, Ed. Rey et Gravier Lib. 1822, pp. vol. II, clxxj.<\/p>\n<p style=\"font-weight: 400;\">BARROS, Theresa Leit\u00e3o de, \u201cViscondessa de Balsem\u00e3o\u201d <em>Escritoras de Portugal. G\u00e9nio feminino revelado na Literatura Portuguesa,<\/em>Lisboa, vol. II, Typographia de Antonio B. Antunes, 1924, pp. 100-116.<\/p>\n<p style=\"font-weight: 400;\">BEIR\u00c3O, Caetano, \u201cD. Catarina de Sousa. Viscondessa da Balsem\u00e3o\u201d <em>Bandarra<\/em>, n\u00ba 1, 1935.<\/p>\n<p>BEZERRA, Manuel (1785-1791) <i>Os Estrangeiros no Lima<\/i>, Coimbra, Real Officina Universitaria, vol. I, p. 418.<\/p>\n<p style=\"font-weight: 400;\">BORRALHO, Maria Lu\u00edsa Malato, \u201cD. Catarina de Sousa. Viscondessa da Balsem\u00e3o\u201c <em>Biblos, Enciclop\u00e9dia Verbo das Literaturas de L\u00edngua Portuguesa, <\/em>Lisboa-S\u00e3o Paulo, Editorial Verbo, 1999<\/p>\n<p style=\"font-weight: 400;\">BORRALHO, Maria Lu\u00edsa Malato, <em>D. Catarina de Lencastre (1749-1824): Libreto para uma autora quase esquecida, <\/em>(Disserta\u00e7\u00e3o de Doutoramento), 2 vol., Porto, Faculdade de Letras da Universidade do Porto, 1999.<\/p>\n<p style=\"font-weight: 400;\">BORRALHO, Maria Lu\u00edsa Malato, <em>\u201cPor acazo hum viajante&#8230;\u201d: a vida e a obra de Catarina de Lencastre, 1\u00aa Viscondessa de Balsem\u00e3o (1749-1824)<\/em>,\u00a0 Lisboa, Imprensa Nacional Casa da Moeda, 2008.<\/p>\n<p style=\"font-weight: 400;\">BOUTERWEK, Frederick, <em>Geschichte der neuern Poesie und Beredsamkeit<\/em> (G\u00f6ttingen, 1801-1804), [<i>History of Spanish and portuguese literature\u00a0<\/i>(trad. Thomasina Ross), London, Boosey and Sons, 1823, vol. II, pp.\u00a0<span style=\"font-size: inherit;\">37<\/span><span style=\"font-size: inherit;\">7\u2013383.<\/span><span style=\"font-size: inherit;\">]<\/span><\/p>\n<p style=\"font-weight: 400;\">CALDAS, Padre Ant\u00f3nio Jos\u00e9 Ferreira, <em>Guimar\u00e3es. Apontamentos para a sua Hist\u00f3ria,<\/em> Porto, Typographia de A. J. da Silva Teixeira, 1881, vol I, pp. 210-213.<\/p>\n<p style=\"font-weight: 400;\">CARDOSO, Nuno Catarino, <em>Poetisas Portuguesas. Antologia contendo dados bibliogr\u00e1ficos e biogr\u00e1ficos acerca de cento e seis poetisas,\u00a0<\/em>Lisboa, Livraria Scientifica, 1917<\/p>\n<p style=\"font-weight: 400;\">CARVALHO, Francisco Freire de, <em>Primeiro Ensaio sobre a Historia Litteraria de Portugal desde a sua mais remota origem at\u00e9 o presente tempo, <\/em>1845, p. 256.<\/p>\n<p style=\"font-weight: 400;\">COSTA, D. Ant\u00f3nio da, <em>A Mulher em Portugal, <\/em>Lisboa, Typographia da Companhia Editora, 1892, pp. 214-218.<\/p>\n<p>GARRETT, \u00a0Almeida, <i>Parnaso Lusitano ou Poesias Selectas dos Auctores Portuguezes antigos e modernos, illustrados com notas, precedido de uma Historia abreviada da lingua e poesia portuguezas,<\/i>\u00a0Paris, Jo\u00e3o Pedro Aillaud, 1826\u20131827, pp. tomo I, CXXIV<\/p>\n<p>MASCARENHAS, D. Jos\u00e9 Trazimundo, Marqu\u00eas de Fronteira e Alorna,. <i>Mem\u00f3rias do&#8230;.<\/i>. Lisboa: Imprensa Nacional-Casa da Moeda, 1986, <span style=\"font-size: inherit;\">Partes I\u2013II, p. 212.<\/span><\/p>\n<p style=\"font-weight: 400;\">MOREIRA, Zen\u00f3bia Collares, <em>O Lirismo Pr\u00e9-Rom\u00e2ntico da Viscondessa de Balsem\u00e3o. D. Catharina Michaella de Sousa C\u00e9sar e Lencastre 1749-1824, <\/em>Lisboa, Edi\u00e7\u00f5es Colibri, 2000.<\/p>\n<p style=\"font-weight: 400;\">OS\u00d3RIO, Jos\u00e9, \u201cViscondessa de Balsem\u00e3o\u201c <em>Illustra\u00e7\u00e3o. Jornal Universal<\/em>, Lisboa, n\u00ba 8, volume I, Novembro 1845, pp. 127-128<\/p>\n<p style=\"font-weight: 400;\">RECTOR, M\u00f3nica, <em>Mulher objecto e sujeito da literatura Portuguesa<\/em>, Porto, Universidade Fernando Pessoa &#8211; Funda\u00e7\u00e3o Fernando Pessoa, 1999, p.<\/p>\n<p>REM\u00c9DIOS, Mendes dos. <i>Hist\u00f3ria da Literatura Portugu\u00easa<\/i>. Coimbra: Ed. F. Fran\u00e7a Amado, 1914,<span style=\"font-size: inherit;\"> pp.\u00a0143\u2013144.<\/span><\/p>\n<p>ROMERO ORTIZ, Antonio, <i>La literatura portuguesa en el siglo XIX. Estudio literario por..<\/i>. Madrid: Typ. Gregorio Estrada, 1869.<\/p>\n<p style=\"font-weight: 400;\">SALVADO, Ant\u00f3nio, <em>Antologia da Poesia Feminina Portuguesa,<\/em> [Fund\u00e3o], Edi\u00e7\u00f5es Jornal do Fund\u00e3o, 1980, pp. 78-85<\/p>\n<p style=\"font-weight: 400;\">SILVA, Inoc\u00eancio Francisco da, <em>Diccion\u00e1rio Bibliographico Portuguez<\/em>, Lisboa, Imprensa Nacional, 1858 volume II, pp. 63-64 e volume IX, p. 58.<\/p>\n<p><a href=\"http:\/\/web.letras.up.pt\/ftopa\/Artigos%20em%20revistas\/Um%20soneto%20da%20Viscondessa%20de%20Balsem\u00e3o.pdf\">TOPA, Francisco &#8220;Um soneto in\u00e9dito da 1\u00aa Viscondessa de Balsem\u00e3o seguido de uma r\u00e9plica de seu marido&#8221;\u00a0<em>Revista da Faculdade de Letras &#8220;Linguas e Literaturas&#8221; <\/em>Porto, Faculdade de Letras do Porto, XVII, 2000, pp. 455-457.<\/a><\/p>\n<p>&nbsp;<\/p>\n<p style=\"font-weight: 400;\"><strong>OBSERVA\u00c7\u00d5ES <\/strong><\/p>\n<p style=\"font-weight: 400;\">N\u00e3o tem obra impressa em vida. N\u00e3o se conhecem aut\u00f3grafos. Ditava e escrevia em pap\u00e9is soltos.<\/p>\n<p style=\"font-weight: 400;\">Existem compila\u00e7\u00f5es de uso dom\u00e9stico, conservadas pela fam\u00edlia, por amigos, admiradores ou coleccionadores.<\/p>\n<p style=\"font-weight: 400;\">Conservam obras manuscritas da autora a Biblioteca Nacional de Lisboa, a Biblioteca P\u00fablica do Porto e a Biblioteca Geral da Universidade de Coimbra<\/p>\n<p style=\"font-weight: 400;\">\n","protected":false},"excerpt":{"rendered":"<p>NOME Catarina Micaela de Sousa C\u00e9sar e Lencastre, 1\u00aa Viscondessa de Balsem\u00e3o OUTROS NOMES Catarina de Lencastre, Catarina Pinto, Catarina Pinto de Sousa, Catarina de Sousa PSEUD\u00d3NIMOS Nat\u00e9rcia, Cor\u00edntia, C\u00e9lia, Safo Portuguesa Elementos biogr\u00e1ficos PAI Francisco Filipe de Sousa da Silva Alcoforado, Senhor de Vila Pouca M\u00c3E Rosa Maria de Viterbo C\u00e9sar de Lencastre LOCAL &#8230; <a title=\"Catarina Micaela de Sousa C\u00e9sar e Lencastre, 1\u00aa Viscondessa de Balsem\u00e3o\" class=\"read-more\" href=\"https:\/\/escritoras-em-portugues.com\/pt_pt\/xviii\/catarina-micaela-de-sousa-cesar-e-lencastre-1a-viscondessa-de-balsemao\/\" aria-label=\"Leia mais sobre Catarina Micaela de Sousa C\u00e9sar e Lencastre, 1\u00aa Viscondessa de Balsem\u00e3o\">Ler mais<\/a><\/p>\n","protected":false},"author":3,"featured_media":0,"parent":46,"menu_order":0,"comment_status":"closed","ping_status":"closed","template":"","meta":{"cybocfi_hide_featured_image":"","footnotes":""},"class_list":["post-923","page","type-page","status-publish"],"_links":{"self":[{"href":"https:\/\/escritoras-em-portugues.com\/pt_pt\/wp-json\/wp\/v2\/pages\/923","targetHints":{"allow":["GET"]}}],"collection":[{"href":"https:\/\/escritoras-em-portugues.com\/pt_pt\/wp-json\/wp\/v2\/pages"}],"about":[{"href":"https:\/\/escritoras-em-portugues.com\/pt_pt\/wp-json\/wp\/v2\/types\/page"}],"author":[{"embeddable":true,"href":"https:\/\/escritoras-em-portugues.com\/pt_pt\/wp-json\/wp\/v2\/users\/3"}],"replies":[{"embeddable":true,"href":"https:\/\/escritoras-em-portugues.com\/pt_pt\/wp-json\/wp\/v2\/comments?post=923"}],"version-history":[{"count":19,"href":"https:\/\/escritoras-em-portugues.com\/pt_pt\/wp-json\/wp\/v2\/pages\/923\/revisions"}],"predecessor-version":[{"id":1835,"href":"https:\/\/escritoras-em-portugues.com\/pt_pt\/wp-json\/wp\/v2\/pages\/923\/revisions\/1835"}],"up":[{"embeddable":true,"href":"https:\/\/escritoras-em-portugues.com\/pt_pt\/wp-json\/wp\/v2\/pages\/46"}],"wp:attachment":[{"href":"https:\/\/escritoras-em-portugues.com\/pt_pt\/wp-json\/wp\/v2\/media?parent=923"}],"curies":[{"name":"wp","href":"https:\/\/api.w.org\/{rel}","templated":true}]}}