{"id":836,"date":"2023-10-31T14:32:24","date_gmt":"2023-10-31T14:32:24","guid":{"rendered":"https:\/\/escritoras-em-portugues.com\/?page_id=836"},"modified":"2024-06-04T03:01:11","modified_gmt":"2024-06-04T03:01:11","slug":"paula-vicente","status":"publish","type":"page","link":"https:\/\/escritoras-em-portugues.com\/pt_pt\/xvi\/paula-vicente\/","title":{"rendered":"Paula Vicente"},"content":{"rendered":"<p><strong>NOME <\/strong><span lang=\"PT\">Paula Vicente<\/span><\/p>\n<h4><strong>Elementos biogr\u00e1ficos<\/strong><\/h4>\n<div><b>PAI <\/b><span lang=\"PT\">Gil Vicente<\/span><\/div>\n<div><\/div>\n<div><strong>M\u00c3E<\/strong> Mecilia Rodrigues (2\u00aa mulher de Gil Vicente)<\/div>\n<div><\/div>\n<div><strong>DATA DE NASCIMENTO<\/strong> 1519<\/div>\n<div><\/div>\n<div><strong>PROFISS\u00c3O | CARGO | FUN\u00c7\u00c3O <\/strong>Dama da corte da Infanta D. Maria<\/div>\n<div><\/div>\n<div><strong>DATA DA MORTE<\/strong> 1576<\/div>\n<div><\/div>\n<h4><strong>Obra<\/strong><\/h4>\n<p style=\"font-weight: 400;\"><strong>OBRAS MANUSCRITAS<\/strong>\u00a0<strong>(DESAPARECIDAS)<\/strong><\/p>\n<blockquote>\n<p style=\"font-weight: 400;\"><em>Com\u00e9dias v\u00e1rias<\/em><\/p>\n<p style=\"font-weight: 400;\"><em>Arte da L\u00edngua Ingleza e Olandeza para instruc\u00e7\u00e3o dos seus naturaes<\/em><\/p>\n<\/blockquote>\n<h4><strong>Bibliografia:<\/strong><\/h4>\n<p>AMARAL, Augusto Martins Ferreira do (1976). <i>Barretos e Outros Contendo subs\u00eddios para a genealogia descendente de Gil Vicente<\/i>. [S.l.: s.n.] pp. 49\u201350.<\/p>\n<p style=\"font-weight: 400;\">BRITO, Joan Soares de, <em>Theatr Lusit liter <\/em>liter P nr 3<\/p>\n<p style=\"font-weight: 400;\">MACEDO, Ant\u00f3nio Sousa de, <em>Flores de Espa\u00f1a Excelencias de Portugal, <\/em>Lisboa, Jorge Rodrigues, 1631, \u00a0cap. 8 excelencia 9.<\/p>\n<p style=\"font-weight: 400;\">MACHADO, Diogo Barbosa, <i><span lang=\"PT\">Bibliotheca Luzitana: hist\u00f3rica, cr\u00edtica e cronol\u00f3gica, <\/span><\/i><span lang=\"PT\">Lisboa Occidental, na Officina de Antonio Isidoro da Fonseca, 1741-1759, <\/span>Tomo III, p. 516.<\/p>\n<p style=\"font-weight: 400;\">NATIVIDADE, Frei Francisco da, <em>Lenitivos da Dor,<\/em> Lisboa, Miguel Deslandes, 1700, n. 308, p. 310.<\/p>\n<p style=\"font-weight: 400;\">OS\u00d3RIO, Jorge A. \u201cA compila\u00e7\u00e3o de 1562 e a \u201cfase\u201d manuelina de Gil Vicente\u201d <em>Revista da Faculdade de Letras \u201cL\u00ednguas e Literatura<\/em>\u201d, N.\u00ba 19, 2002, p. 211-234.<\/p>\n<p style=\"font-weight: 400;\">PERYM, Dami\u00e3o de Froes, <em>Theatro Heroino<\/em>,<em> abcedario historico, e catalogo das mulheres illustres em armas, letras, ac\u00e7oens heroicas e artes liberaes,<\/em> Lisboa, Occidental: na Officina da Musica de Theotonio Antunes Lima, 1740, Tomo II, p. 332.<\/p>\n","protected":false},"excerpt":{"rendered":"<p>NOME Paula Vicente Elementos biogr\u00e1ficos PAI Gil Vicente M\u00c3E Mecilia Rodrigues (2\u00aa mulher de Gil Vicente) DATA DE NASCIMENTO 1519 PROFISS\u00c3O | CARGO | FUN\u00c7\u00c3O Dama da corte da Infanta D. Maria DATA DA MORTE 1576 Obra OBRAS MANUSCRITAS\u00a0(DESAPARECIDAS) Com\u00e9dias v\u00e1rias Arte da L\u00edngua Ingleza e Olandeza para instruc\u00e7\u00e3o dos seus naturaes Bibliografia: AMARAL, Augusto &#8230; <a title=\"Paula Vicente\" class=\"read-more\" href=\"https:\/\/escritoras-em-portugues.com\/pt_pt\/xvi\/paula-vicente\/\" aria-label=\"Leia mais sobre Paula Vicente\">Ler mais<\/a><\/p>\n","protected":false},"author":3,"featured_media":0,"parent":45,"menu_order":0,"comment_status":"closed","ping_status":"closed","template":"","meta":{"cybocfi_hide_featured_image":"","footnotes":""},"class_list":["post-836","page","type-page","status-publish"],"_links":{"self":[{"href":"https:\/\/escritoras-em-portugues.com\/pt_pt\/wp-json\/wp\/v2\/pages\/836","targetHints":{"allow":["GET"]}}],"collection":[{"href":"https:\/\/escritoras-em-portugues.com\/pt_pt\/wp-json\/wp\/v2\/pages"}],"about":[{"href":"https:\/\/escritoras-em-portugues.com\/pt_pt\/wp-json\/wp\/v2\/types\/page"}],"author":[{"embeddable":true,"href":"https:\/\/escritoras-em-portugues.com\/pt_pt\/wp-json\/wp\/v2\/users\/3"}],"replies":[{"embeddable":true,"href":"https:\/\/escritoras-em-portugues.com\/pt_pt\/wp-json\/wp\/v2\/comments?post=836"}],"version-history":[{"count":7,"href":"https:\/\/escritoras-em-portugues.com\/pt_pt\/wp-json\/wp\/v2\/pages\/836\/revisions"}],"predecessor-version":[{"id":1696,"href":"https:\/\/escritoras-em-portugues.com\/pt_pt\/wp-json\/wp\/v2\/pages\/836\/revisions\/1696"}],"up":[{"embeddable":true,"href":"https:\/\/escritoras-em-portugues.com\/pt_pt\/wp-json\/wp\/v2\/pages\/45"}],"wp:attachment":[{"href":"https:\/\/escritoras-em-portugues.com\/pt_pt\/wp-json\/wp\/v2\/media?parent=836"}],"curies":[{"name":"wp","href":"https:\/\/api.w.org\/{rel}","templated":true}]}}