{"id":605,"date":"2023-04-23T16:48:14","date_gmt":"2023-04-23T19:48:14","guid":{"rendered":"http:\/\/escritoras-em-portugues.provisorio.ws\/?page_id=605"},"modified":"2024-06-04T19:06:01","modified_gmt":"2024-06-04T19:06:01","slug":"lianor-moniz","status":"publish","type":"page","link":"https:\/\/escritoras-em-portugues.com\/pt_pt\/xv\/lianor-moniz\/","title":{"rendered":"Lianor Moniz"},"content":{"rendered":"<p><strong>NOME<\/strong> Lianor Moniz<br \/>\n<strong>NOME (OUTRA(S) FORMA(S))<\/strong> Leonor Moniz<\/p>\n<p><strong>Dados biogr\u00e1ficos<\/strong><\/p>\n<p><strong>DATA DE NASCIMENTO<\/strong> S\u00e9culo XV<br \/>\n<strong>PROFISS\u00c3O \/ CARGO \/ FUN\u00c7\u00c3O<\/strong> Donzela da Senhora D. Filipa d\u2019Almada<br \/>\n<strong>DATA DA MORTE<\/strong> S\u00e9culo XVI<br \/>\n<strong>INSTITUI\u00c7\u00d5ES QUE FREQUENTOU<\/strong> Corte de D. Afonso V<\/p>\n<p><strong>IDIOMAS<\/strong> Portugu\u00eas<\/p>\n<p><strong>Obra<\/strong><\/p>\n<p><strong>OBRAS IMPRESSAS<\/strong><\/p>\n<pre>Que mandar fazer de lume\r\nQue mandar armar de panos,\r\nQue chamar oos mo\u00e7os manos,\r\nQue castigos de queixume.\r\nQue cort\u00eas v\u2019 mostrareis\r\nAgora d\u2019oficial,\r\nQue carretos que trareis,\r\nPara n\u00e3o falar em al.\r\n\r\nIn.: <a href=\"http:\/\/purl.pt\/12096\/5\/\">RESENDE, Garcia de,<em> Cancioneiro Geral de Garcia de Resende, <\/em>Lisboa, por Herm\u00e3 de Campos, 1516, fl.<\/a>\r\n<\/pre>\n<p><strong>BIBLIOGRAFIA <\/strong><\/p>\n<p>DIAS, Aida Fernanda, <em>Cancioneiro Geral de Garcia de Resende, <\/em>Lisboa, Imprensa Nacional \u2013 Casa da Moeda, 1993, vol. III, p. 275.<\/p>\n<p><a href=\"http:\/\/purl.pt\/12096\/5\/\">RESENDE, Garcia de, <em>Cancioneiro Geral de Garcia de Resende, <\/em>Lisboa, por Herm\u00e3 de Campos, 1516, fl.<\/a><\/p>\n<p>SAMARTIN, Roberto Lopez-Iglesias, <em>A dona do tempo antigo. Mulher e campo liter\u00e1rio no Renascimento portugu\u00eas (1495-1557), <\/em>Santiago de Compostela, Edicions Laiovento, 2003.<\/p>\n<p>S\u00c1NCHEZ TARR\u00cdO, Ana Maria \u201c<em>\u0168 amor demasiado. <\/em>Sobre a carta de amor em verso\u2019 in Jos\u00e9 Lu\u00eds Rodr\u00edguez (ed.), <em>In honorem Ricardo Carbalho Calero<\/em>, Santiago de Compostela, Parlamento de Galicia, Universidade de Santiago, 2000, volume II, pp. 66.<\/p>\n","protected":false},"excerpt":{"rendered":"<p>NOME Lianor Moniz NOME (OUTRA(S) FORMA(S)) Leonor Moniz Dados biogr\u00e1ficos DATA DE NASCIMENTO S\u00e9culo XV PROFISS\u00c3O \/ CARGO \/ FUN\u00c7\u00c3O Donzela da Senhora D. Filipa d\u2019Almada DATA DA MORTE S\u00e9culo XVI INSTITUI\u00c7\u00d5ES QUE FREQUENTOU Corte de D. Afonso V IDIOMAS Portugu\u00eas Obra OBRAS IMPRESSAS Que mandar fazer de lume Que mandar armar de panos, Que &#8230; <a title=\"Lianor Moniz\" class=\"read-more\" href=\"https:\/\/escritoras-em-portugues.com\/pt_pt\/xv\/lianor-moniz\/\" aria-label=\"Leia mais sobre Lianor Moniz\">Ler mais<\/a><\/p>\n","protected":false},"author":2,"featured_media":0,"parent":43,"menu_order":0,"comment_status":"closed","ping_status":"closed","template":"","meta":{"cybocfi_hide_featured_image":"","footnotes":""},"class_list":["post-605","page","type-page","status-publish"],"_links":{"self":[{"href":"https:\/\/escritoras-em-portugues.com\/pt_pt\/wp-json\/wp\/v2\/pages\/605","targetHints":{"allow":["GET"]}}],"collection":[{"href":"https:\/\/escritoras-em-portugues.com\/pt_pt\/wp-json\/wp\/v2\/pages"}],"about":[{"href":"https:\/\/escritoras-em-portugues.com\/pt_pt\/wp-json\/wp\/v2\/types\/page"}],"author":[{"embeddable":true,"href":"https:\/\/escritoras-em-portugues.com\/pt_pt\/wp-json\/wp\/v2\/users\/2"}],"replies":[{"embeddable":true,"href":"https:\/\/escritoras-em-portugues.com\/pt_pt\/wp-json\/wp\/v2\/comments?post=605"}],"version-history":[{"count":1,"href":"https:\/\/escritoras-em-portugues.com\/pt_pt\/wp-json\/wp\/v2\/pages\/605\/revisions"}],"predecessor-version":[{"id":1737,"href":"https:\/\/escritoras-em-portugues.com\/pt_pt\/wp-json\/wp\/v2\/pages\/605\/revisions\/1737"}],"up":[{"embeddable":true,"href":"https:\/\/escritoras-em-portugues.com\/pt_pt\/wp-json\/wp\/v2\/pages\/43"}],"wp:attachment":[{"href":"https:\/\/escritoras-em-portugues.com\/pt_pt\/wp-json\/wp\/v2\/media?parent=605"}],"curies":[{"name":"wp","href":"https:\/\/api.w.org\/{rel}","templated":true}]}}