{"id":446,"date":"2023-04-23T13:37:30","date_gmt":"2023-04-23T16:37:30","guid":{"rendered":"http:\/\/escritoras-em-portugues.provisorio.ws\/?page_id=446"},"modified":"2024-06-04T16:44:15","modified_gmt":"2024-06-04T16:44:15","slug":"catarina-de-avis-e-trastamara-infanta-de-portugal","status":"publish","type":"page","link":"https:\/\/escritoras-em-portugues.com\/en\/xv\/catarina-de-avis-e-trastamara-infanta-de-portugal\/","title":{"rendered":"Catarina de Avis, Infanta, D."},"content":{"rendered":"<p><strong>NAME<\/strong> Catarina, Infanta de Portugal<\/p>\r\n\r\n\r\n\r\n<p><strong>Biographical Elements<\/strong><\/p>\r\n\r\n\r\n\r\n<p><strong>FATHER<\/strong> \u00a0D. Duarte, Rei de Portugal<br \/><strong>MOTHER<\/strong> D. Leonor de Arag\u00e3o, Rainha de Portugal<br \/><strong>BIRTHPLACE <\/strong>Lisboa<br \/><strong>DATE OF BIRTH<\/strong> 25 Novembro 1436<br \/><strong>PLACE OF DEATH<\/strong> Lisboa (sepultada em Lisboa, na Igreja de Santo El\u00f3i) Mosteiro de Santa Clara ou do Salvador em Lisboa<br \/><strong>DATE OF DEATH<\/strong> 17 Junho 1463<br \/><strong>MARITAL STATUS<\/strong> Solteira &#8211; Recolhida\u00a0<br \/>(Prometida a Carlos IV de Navarra. Ap\u00f3s a morte deste retirou-se para o Convento de Santa Clara)<br \/><strong>CONVENT<\/strong> Convento de Santa Clara de Lisboa<\/p>\r\n\r\n\r\n\r\n<p><strong>WORKS<\/strong><\/p>\r\n\r\n\r\n\r\n<p><strong>HANDWRITTEN WORKS<\/strong><\/p>\r\n<blockquote>\r\n<p><strong><br \/><\/strong><em>Vida e Doutrina do bem<\/em><em>\u2010<\/em><em>aventurado Lourenc<\/em><em>\u0327<\/em><em>o Justiniano primeiro Patriarca de Veneza<\/em> <em>(<\/em>ANTT Ms Livraria 513)<\/p>\r\n\r\n\r\n\r\n<p><em>Regra e perfeic<\/em><em>\u0327<\/em><em>\u00e3o da conversac<\/em><em>\u0327<\/em><em>\u00e3o dos monges<\/em> (ANTT Ms Livraria 513)<\/p>\r\n\r\n\r\n\r\n<p><em>Livro d<\/em><em>a Vida Solit\u00e1ria <\/em>(ANTT Ms Livraria 513)<\/p>\r\n<\/blockquote>\r\n\r\n\r\n\r\n<p><strong>PRINTED WORKS<\/strong><\/p>\r\n\r\n\r\n\r\n<blockquote>\r\n<p class=\"wp-block-preformatted\"><a href=\"http:\/\/www.arqnet.pt\/dicionario\/catarinainf.html\"><em>Ho livro que se escreve da regra e perfey\u00e7am da conversa\u00e7\u00e3o dos monges: ho qual livro foi copilado per ho reverendo senhor Louren\u00e7o Justiniano primeyro patriarca de veneza, que foy dos primeyros fundadores da congrega\u00e7\u00e3o de Sam Jorge em alga, <\/em>Coimbra, Mosteiro de Santa Cruz, Germ\u00e3o Galharde 1531.<\/a><\/p>\r\n<p>\r\n\r\n<\/p>\r\n<p class=\"wp-block-preformatted\"><em>Da perfei\u00e7\u00e3o da vida monastica, e da vida solit\u00e1ria, dous tratados de S. Louren\u00e7o Justiniano, traduzidos do latim em portuguez pela senhora D. Catharina, filha do Senhor rei D. Duarte, e de feliz memoria. Segunda edi\u00e7\u00e3o sem discrep\u00e2ncia da primeira feita no Real Mosteiro de Santa Cruz de Coimbra, anno de 1531<\/em>, Lisboa, na Off. Sim\u00e3o Thaddeo Ferreira, 1791.<\/p>\r\n<\/blockquote>\r\n\r\n\r\n\r\n<p><strong>BIBLIOGRAPHY<\/strong><\/p>\r\n\r\n\r\n\r\n<p>ANJOS, Fr. Lu\u00eds dos, <em>Jardim de Portugal, <\/em>Cap. 101<\/p>\r\n\r\n\r\n\r\n<p>ANTONIO, Nicolas, <em>Bibliotheca Vet Hispan<\/em>, Tomo 2, Libro 10, par\u00e1grafos 503<\/p>\r\n\r\n\r\n\r\n<p>BARBOSA, <em>Cathalogo Cronologico das Raynhas de Portugal<\/em>, p. 355.<\/p>\r\n\r\n\r\n\r\n<p>CARDOSO,\u00a0 <em>Agiol\u00f3gio Lusitano<\/em>, Tomo 3, p. 718 Comentario de 17 de Junho letra F<\/p>\r\n\r\n\r\n\r\n<p>CUNHA, D. Rodrigo da, <em>Hist\u00f3ria Eclesi\u00e1stica de Braga<\/em>, Parte 2, Cap. 64, par\u00e1grafos 4-6.<\/p>\r\n\r\n\r\n\r\n<p>DIAS Ainda Fernanda \u201cAs mulheres nas letras portuguesas medievais\u201d <em>Santa Barbara Portuguese Studies, First series, <\/em>volume III, 1996, p. 8.<\/p>\r\n\r\n\r\n\r\n<p>FRADE, Mafalda, \u201cContributo para a Hist\u00f3ria da Tradu\u00e7\u00e3o em Portugal. As primeiras tradutoras conhecidas\u201d <em>Agora. Estudos Cl\u00e1ssicos em Debate<\/em>, 18, 2016, pp. 141-154.<\/p>\r\n\r\n\r\n\r\n<p>G\u00d3IS, Dami\u00e3o, <em>Cronica do Pr\u00edncipe D. Jo\u00e3o<\/em>, Cap\u00edtulo 17<\/p>\r\n\r\n\r\n\r\n<p>LE\u00c3O, Duarte Nunes de, <em>Chronica D\u2019El-REy D. Duarte<\/em>, Cap. 19<\/p>\r\n\r\n\r\n\r\n<p>MACHADO, Diogo Barbosa, <em>Bibliotheca Luzitana, <\/em>Lisboa,<\/p>\r\n\r\n\r\n\r\n<p>Tomo I, pp. 561-563<\/p>\r\n\r\n\r\n\r\n<p>MARIZ, Pedro de, <em>Di\u00e1logos de V\u00e1ria Hist\u00f3ria<\/em>, Dialogo 4, cap\u00edtulo 3<\/p>\r\n\r\n\r\n\r\n<p>NERY, J\u00falia, <em>Infantas de Portugal<\/em>, Lisboa, Editorial Not\u00edcias, 1998.<\/p>\r\n\r\n\r\n\r\n<p>PERYM, Dami\u00e3o Froes (pseud. Fr. Jo\u00e3o de S\u00e3o Pedro), Theatro Heroino. Abecedario hist\u00f3rico e catalogo das mulheres illustres em armas, letras, accoens, heroicas e artes liberaes, Tomo I, Lisboa Ocidental, 1736, p. 230.<\/p>\r\n\r\n\r\n\r\n<p>RAMALHO, Am\u00e9rico da Costa, \u201cA Infanta D. Maria e o seu tempo\u201d <em>Humanitas, <\/em>Coimbra, XXXVII-XXXVIII, 1986 p. 189.<\/p>\r\n\r\n\r\n\r\n<p>SALGADO, Joz\u00e9 Augusto, <em>Bibliotheca Luzitana escolhida ou Cat\u00e1logo dos Escriptores Portuguezes<\/em>, Porto, Typographia Commercial Portuense, 1841, pp. 33-34.<\/p>\r\n\r\n\r\n\r\n<p>SANTA MARIA, Fr. Francisco de, <em>C\u00e9o Aberto na Terra<\/em>, livro 1, Cap 42 e Livro 2, Cap. 22<\/p>\r\n\r\n\r\n\r\n<p>SILIS, Fr. Ant\u00f3nio de, <em>Chronica da Terceira Ordem<\/em>, Tomo 2, p. 47<\/p>\r\n\r\n\r\n\r\n<p>SILVA, Inoc\u00eancio Francisco da, <em>Dicionario Bibliografico Portuguez, <\/em>Lisboa, Imprensa Nacional, 1858-1878, Vol. II, pp. 62-63.<\/p>\r\n\r\n\r\n\r\n<p>SOUSA, Manuel de Faria e, <em>Europa Portuguesa <\/em>Tomo 2, Parte 3, cap. 2<\/p>\r\n\r\n\r\n\r\n<p>SOUSA, Manuel de Faria e, <em>Epitome das Hist\u00f3rias Portuguesas <\/em>Parte 3, Cap\u00edtulo 12<\/p>\r\n\r\n\r\n\r\n<p>SOUSA, Manuel Caetano, <em>Hist\u00f3ria Geneal\u00f3gica da Casa Real Portuguesa, <\/em>Tomo II, livro 3, Cap. 10<\/p>\r\n\r\n\r\n\r\n<p>VILLEGAS DE LA TORRE, Esther M., <em>Women and the Republic of Letters in the Luso-Hispanic World<\/em>, 1447-1700, Nothingham, University of Nothingham, 2011, p. 71<\/p>\r\n\r\n\r\n\r\n<p>&nbsp;<\/p>","protected":false},"excerpt":{"rendered":"<p>NOME Catarina, Infanta de Portugal Elementos biogr\u00e1ficos PAI \u00a0D. Duarte, Rei de PortugalM\u00c3E D. Leonor de Arag\u00e3o, Rainha de PortugalLOCAL DE NASCIMENTO LisboaDATA DE NASCIMENTO 25 Novembro 1436LOCAL DA MORTE Lisboa (sepultada em Lisboa, na Igreja de Santo El\u00f3i) Mosteiro de Santa Clara ou do Salvador em LisboaDATA DA MORTE 17 Junho 1463ESTADO Solteira &#8211; &#8230; <a title=\"Catarina de Avis, Infanta, D.\" class=\"read-more\" href=\"https:\/\/escritoras-em-portugues.com\/en\/xv\/catarina-de-avis-e-trastamara-infanta-de-portugal\/\" aria-label=\"Read more about Catarina de Avis, Infanta, D.\">Read more<\/a><\/p>","protected":false},"author":2,"featured_media":0,"parent":43,"menu_order":0,"comment_status":"closed","ping_status":"closed","template":"","meta":{"cybocfi_hide_featured_image":"","footnotes":""},"class_list":["post-446","page","type-page","status-publish"],"_links":{"self":[{"href":"https:\/\/escritoras-em-portugues.com\/en\/wp-json\/wp\/v2\/pages\/446","targetHints":{"allow":["GET"]}}],"collection":[{"href":"https:\/\/escritoras-em-portugues.com\/en\/wp-json\/wp\/v2\/pages"}],"about":[{"href":"https:\/\/escritoras-em-portugues.com\/en\/wp-json\/wp\/v2\/types\/page"}],"author":[{"embeddable":true,"href":"https:\/\/escritoras-em-portugues.com\/en\/wp-json\/wp\/v2\/users\/2"}],"replies":[{"embeddable":true,"href":"https:\/\/escritoras-em-portugues.com\/en\/wp-json\/wp\/v2\/comments?post=446"}],"version-history":[{"count":4,"href":"https:\/\/escritoras-em-portugues.com\/en\/wp-json\/wp\/v2\/pages\/446\/revisions"}],"predecessor-version":[{"id":1719,"href":"https:\/\/escritoras-em-portugues.com\/en\/wp-json\/wp\/v2\/pages\/446\/revisions\/1719"}],"up":[{"embeddable":true,"href":"https:\/\/escritoras-em-portugues.com\/en\/wp-json\/wp\/v2\/pages\/43"}],"wp:attachment":[{"href":"https:\/\/escritoras-em-portugues.com\/en\/wp-json\/wp\/v2\/media?parent=446"}],"curies":[{"name":"wp","href":"https:\/\/api.w.org\/{rel}","templated":true}]}}