{"id":1181,"date":"2023-11-18T18:59:03","date_gmt":"2023-11-18T18:59:03","guid":{"rendered":"https:\/\/escritoras-em-portugues.com\/?page_id=1181"},"modified":"2024-06-04T22:14:23","modified_gmt":"2024-06-04T22:14:23","slug":"teresa-de-melo-breyner-d-condessa-do-vimieiro","status":"publish","type":"page","link":"https:\/\/escritoras-em-portugues.com\/en\/xviii\/teresa-de-melo-breyner-d-condessa-do-vimieiro\/","title":{"rendered":"Teresa de Melo Breyner, D., Condessa do Vimieiro"},"content":{"rendered":"<p><strong>NAME <\/strong><span lang=\"PT\">Teresa de Melo Breyner, D.<\/span><\/p>\n<div><b>OUTROS NOME(S) <\/b><span lang=\"PT\">Teresa Josefa de Melo Breyner, Condessa do Vimieiro, Condessa de Ficalho<\/span><\/div>\n<div><\/div>\n<div><b>PSEUDONYM(S) <\/b><span lang=\"PT\">Tirse, Tirceia<\/span><\/div>\n<div><\/div>\n<div><\/div>\n<h4><strong>Biographical Elements<\/strong><\/h4>\n<div><b>FATHER <\/b><span lang=\"PT\">Francisco de Mello<\/span><\/div>\n<div><\/div>\n<div><b>MOTHER <\/b>Isabel <span lang=\"PT\">Josefa de \u00a0<\/span>Breyner e Meneses, 1\u00aa Condessa de Ficalho (1719-1795)<\/div>\n<div><\/div>\n<div><b>BIRTHPLACE <\/b><span lang=\"PT\">Lisboa<\/span><\/div>\n<div><\/div>\n<p><strong>DATE OF BIRTH<\/strong>\u00a0 1739<\/p>\n<div><b>PLACE OF DEATH <\/b>Lisboa<\/div>\n<div><\/div>\n<p><strong>DATE OF DEATH<\/strong>\u00a0 c. 1798<\/p>\n<p style=\"font-weight: 400;\"><strong>MARITAL STATUS <\/strong><strong>\u00a0I <\/strong>Married<\/p>\n<p style=\"font-weight: 400;\"><strong>SPOUSE<\/strong>\u00a0D. Sancho de Faro e Sousa, 4\u00aa Conde do Vimieiro, 9\u00ba Senhor de Alcoentre (1735-1790)<\/p>\n<p><strong>MARITAL STATUS II <\/strong><span style=\"font-weight: 400;\">Recolhida<\/span><\/p>\n<p style=\"font-weight: 400;\"><span style=\"font-weight: 400;\"><strong>CONVENT<\/strong>\u00a0<\/span><span style=\"font-weight: 400;\">Convento das Comendadeiras de Santos<\/span><\/p>\n<p style=\"font-weight: 400;\"><span style=\"font-weight: 400;\"><strong>RELIGIOUS ORDER<\/strong>\u00a0<\/span><span style=\"font-weight: 400;\">Comendadeiras de Santos<\/span><span style=\"font-weight: 400;\"><br \/>\n<\/span><\/p>\n<p style=\"font-weight: 400;\"><span style=\"font-weight: 400;\"><strong>LANGUAGES<\/strong>\u00a0<\/span><span style=\"font-weight: 400;\">Portugu\u00eas, Franc\u00eas<\/span><\/p>\n<h4><strong>WORKS<\/strong><\/h4>\n<p style=\"font-weight: 400;\"><strong>HANDWRITTEN WORKS<\/strong><\/p>\n<blockquote>\n<p style=\"font-weight: 400;\"><a href=\"https:\/\/purl.pt\/16466\/4\/564311_PDF\/564311_PDF_24-C-R0150\/564311_0000_I-39v_t24-C-R0150.pdf\"><em>Tragedia nova intitulada A Osmia, <\/em>Lisboa, Fev, 1790<\/a><\/p>\n<p style=\"font-weight: 400;\"><em>Cartas a D. Leonor de Almeida Portugal <\/em>(ANTT)<\/p>\n<p style=\"font-weight: 400;\"><em>Cartas a Frei Manuel do Cen\u00e1culo <\/em>(Biblioteca P\u00fablica e Arquivo Municipal de \u00c9vora)<span style=\"font-weight: 400;\"><br \/>\n<\/span><\/p>\n<\/blockquote>\n<p><strong>PRINTED WORKS<\/strong><\/p>\n<blockquote>\n<p style=\"font-weight: 400;\"><em>Osmia<\/em>, <em>trag\u00e9dia de assunto portuguez em cinco actos coroada pela Academia Real das Sciencias de Lisboa em 13 de Maio de 1788<\/em>, Lisboa, na Officina da Real Academia das Ci\u00eancias de Lisboa, 1788.<\/p>\n<p style=\"font-weight: 400;\">2\u00aa edi\u00e7\u00e3o: Typographia da Academia das Sciencias, 1795.<\/p>\n<p style=\"font-weight: 400;\">3\u00aa Edi\u00e7\u00e3o: Typographia da Academia das Sciencias, 1835<\/p>\n<p>M. M., \u00a0<em>Idea de um Elogio Historico de Maria Thereza Arquiduquesa de A\u0301ustria, Imperatriz Viuva, Rainha Aposto\u0301lica da Hungria e da Bohemia, Princeza Soberana dos Paises Baixos, escripta em francez por M. M.<\/em>, Lisboa, Francisco Luiz Ameno, 1781 (trad. An\u00f3nima)<\/p><\/blockquote>\n<h4><strong>Bibliography<\/strong><\/h4>\n<p style=\"font-weight: 400;\"><a href=\"https:\/\/portal.arquivos.pt\/record;jsessionid=106803F954D25AB1E8FE8C8FF2DF2CEB?id=oai%3APT%2FTT%3A8064062&amp;s=qJ4Kp\"><em>Autos de Justifica\u00e7\u00e3o da Condessa do Vimieiro, D. Teresa Josefa de Mello Breyner<\/em><\/a><\/p>\n<p style=\"font-weight: 400;\">ANAST\u00c1CIO, Vanda, <em>Cartas de L\u00edlia e Tirse, <\/em>(organiza\u00e7\u00e3o e fixa\u00e7\u00e3o do texto de Vanda Anast\u00e1cio; estudos introdut\u00f3rios de Teresa Almeida, Vanda Anast\u00e1cio e Raquel Bello Vazquez; anota\u00e7\u00e3o de Teresa Almeida, Vanda Anast\u00e1cio, Manuella Delille, Jo\u00e3o Almeida Flor, Tiago Miranda, Raquel Bello Vazquez, Nuno Monteiro), Lisboa, Colibri, Funda\u00e7\u00e3o das Casas de Fronteira e Alorna, 2007.<\/p>\n<p style=\"font-weight: 400;\">ANAST\u00c1CIO, Vanda \u201cSilvia Bermu\u0301dez e Roberta Johnson (org.), <em>A new history of Iberian Feminisms<\/em>, Toronto, Toronto University of Press, 2018, pp. 67-81.<\/p>\n<p style=\"font-weight: 400;\">ANAST\u00c1CIO, Vanda, \u201cEl \u201cfeminismo\u201d en Portugal antes de 1800\u201d Silvia Bermudez e Roberta Johnson (eds.) <em>Una nueva Historia de los feminismos ib\u00e9ricos, <\/em>Valencia, Tirant Humanidades, 2021, pp. 113-130.<\/p>\n<p style=\"font-weight: 400;\"><a href=\"http:\/\/www.eras.utad.pt\/docs\/paratextual%20osmia.pdf\">AZEVEDO, Rita Gisela Martins de \u201cOs elementos paratextuais na <em>Osm\u00eda <\/em>de Teresa de Mello Breyner\u201d <em>European Review of Artistic Studies, <\/em>vol. 1, n. 3, 2010, pp. 32-48.<\/a><\/p>\n<p style=\"font-weight: 400;\"><a href=\"https:\/\/ler.letras.up.pt\/uploads\/ficheiros\/12784.pdf\">AZEVEDO, Rita Gisela Martins de, \u201cAutoritarismo e compaix\u00e3o na trag\u00e9dia <em>Osm\u00eda <\/em>(1788) de Teresa Josefa de Melo Breyner\u201d, <em>Ler.Letras, Revista da Faculdade de Letras<\/em> do Porto, pp. 256-276.<\/a><\/p>\n<p style=\"font-weight: 400;\">BARROS, Thereza Leit\u00e3o de, <em>Escritoras de Portugal. G\u00e9nio Feminino Revelado na Literatura Portuguesa, <\/em>Lisboa, 1924, volume II, pp. 117<\/p>\n<p style=\"font-weight: 400;\">BELLO V\u00c1QUEZ, Raquel, \u201cDa\u0301 uma risada quando ouvires&#8230; Transgressa\u0303o e ocultamento em Teresa de Melo Breyner\u201d, in.: Ana Maria da Costa TOSCANO e Shelley GODSLAND (orgs.), <em>Mulheres Ma\u0301s. Percepc<\/em><em>\u0327<\/em><em>a\u0303o e representac<\/em><em>\u0327<\/em><em>o\u0303es da Mulher Transgressora no Mundo luso-hispa<\/em><em>\u0302<\/em><em>nico, <\/em>Porto, Uni- versidade Fernando Pessoa, vol. I, 2004, pp. 159-175.<\/p>\n<p style=\"font-weight: 400;\">BELLO V\u00c1ZQUEZ, Raquel, <em>Uma certa ambi\u00e7a\u00f5 de gloria. Traject\u00f3ria, redes e estrat\u00e9gias de Teresa de Mello Breyner nos campos intelectual e do poder em Portugal (1770-1798)<\/em><em>, <\/em>Tese de Doutoramento, Universidade de Santiago de Compostela, 2005.<\/p>\n<p style=\"font-weight: 400;\">BELLO V\u00c1QUEZ, Raquel, <em>Mulher, Nobre, ilustrada, dramaturga. <\/em>Osmia <em>de Teresa de Mello Breyner no sistema litera\u0301rio portugue<\/em><em>\u0302<\/em><em>s (1788-1795)<\/em>, Santiago de Compostela: Eds. Laiovento, 2005.<\/p>\n<p style=\"font-weight: 400;\"><a href=\"https:\/\/espacioseguro.com\/grupogalabra\/ images\/stories\/pdf\/raquel\/novos\/lisbon%20and%20vienna_portuguese%20studie s2.pdf\">BELLO V\u00c1ZQUEZ, Raquel, \u201cLisbon and Vienna: The Correspondence of the Countess of Vimieiro and her Circle.\u201d <em>Portuguese Studies<\/em>, n. 20, 2004, pp. 89-107. <\/a><\/p>\n<p style=\"font-weight: 400;\">BELLO VAZQUEZ, Raquel, <em>Mulheres do s\u00e9culo XVIII. A Condessa de Vimeiro<\/em>, Lisboa, Ed. Ela por ela, 2006.<\/p>\n<p style=\"font-weight: 400;\"><a href=\"http:\/\/www.ces.uc.pt\/lab2004\/pdfs\/ Raquel BelloVazquez.pdf\">BELLO VAZQUEZ, Raquel, \u201cSociabilidade e aristocracia em Portugal no \u00faltimo quartel do s\u00e9culo XVIII\u201d, <em>VIII Congresso Luso-Afro-Brasileiro de Ci\u00eancias Sociais<\/em><em>,<\/em> Coimbra, Setembro 2004.<\/a><\/p>\n<p style=\"font-weight: 400;\"><a href=\"https:\/\/espacioseguro.com\/grupogalabra\/ images\/stories\/pdf\/raquel\/novos\/versons%20ilustradas%20Osm\u00eea_quadrant%20 222.pdf\">BELLO VAZQUEZ, Raquel, \u201cAs versons ilustradas de Osm\u00eea dous modelos de mulher, duas propostas sociais de classe\u201d <em>Quadrant<\/em>,Univesit\u00e9 Paul-Valery, Montepellier III, n. 22, 2005.\u00a0<\/a><\/p>\n<p style=\"font-weight: 400;\">BELLO VA\u0301ZQUEZ, Raquel, \u00abLuz no a\u0301ngulo obscuro da cultura: revisom siste\u0301mica da historiografia litera\u0301ria\u00bb, em MOREIRA, Maria Eunice &#8211; CAIRO, Luiz Roberto Velloso (eds.), Questo\u0303es de cri\u0301tica e de historiografia litera\u0301ria, Porto Alegre, Nova Prova, 2006, pp. 193-200<\/p>\n<p style=\"font-weight: 400;\">BELLO VA\u0301ZQUEZ, Raquel, \u00abPrivacidade e publicidade: a corresponde\u0302ncia pessoal como forma de intervenc\u0327om nos campos intelectual e do poder\u00bb, em ANASTA\u0301CIO, Vanda (ed.), <em>Corresponde<\/em><em>\u0302<\/em><em>ncia<\/em><em>s<\/em><em> (usos da carta no se\u0301culo XVIII)<\/em>, Lisboa, Colibri, 2005, pp. 71-83<\/p>\n<p style=\"font-weight: 400;\">BELLO VA\u0301ZQUEZ, Raquel, <em>Uma Mulher na Viradeira<\/em>, Tese de Mestrado, Universidade de Santiago de Compostela, 2001.<\/p>\n<p style=\"font-weight: 400;\">BELLO V\u00c1ZQUEZ, Raquel, Elias TORRES \u201cTeresa de Mello Breyner, Countess of Vimieiro (1739-1798?)\u201d Ulrich LEHNER (org.) <em>Women, Enlightenment and Catholicism, <\/em>Routledge, 2017<\/p>\n<p style=\"font-weight: 400;\">BELLO V\u00c1ZQUEZ, Raquel \u201cEscrever, imprimir, publicar. Conceitos a rever no estudo da Ilustrac\u0327om\u201d <em>El libro en perspectiva. Una aproximaci\u00f3n interdisciplinaria<\/em>, 2008, pp. 121-138.<\/p>\n<p style=\"font-weight: 400;\">https:\/\/ruc.udc.es\/dspace\/bitstream\/handle\/2183\/12919\/CC-99_art_5.pdf?sequence=1&#038;isAllowed=y<\/p>\n<p style=\"font-weight: 400;\"><a href=\"https:\/\/claudemirpereira.com.br\/2022\/12\/osmia-uma-rainha-guerreira-por-elen-biguelini\/\">BIGUELINI, Elen \u201cOsmia: uma rainha guerreira\u201d<\/a><\/p>\n<h6>BIGUELINI, Elen, <em>Tenho escrevinhado muito: Mulheres que escreveram em Portugal (1800-1850<\/em><em>), <\/em>Tese de Doutoramento em Hist\u00f3ria, Universidade de Coimbra, 2017<\/h6>\n<p style=\"font-weight: 400;\">CORTI\u00c7AS LEIRA, Antia \u201cA Correspond\u00eancia como meio de difus\u00e3o do c\u00e2none: o caso de Metastasio e Gluck no epistol\u00e1rio Vimieiro-Oeynhausen\u201d pp. 89-101<\/p>\n<p style=\"font-weight: 400;\">DENIS, Ferdinand <em>R\u00e9sum\u00e9 de l\u2019histoire litteraire de Portugal, suivi du Resum\u00e9 de l\u2019Histoire Litt\u00e9raire du Br\u00e9sil<\/em> \u2013 Paris: Lecointe et Durey, Librairies, 1826, pp. 492-493<\/p>\n<p style=\"font-weight: 400;\">HORTA, Maria Teresa, \u201cLeonor e Teresa\u201d <em>Meninas, <\/em>Lisboa, D. Quixote, 2014.<\/p>\n<p style=\"font-weight: 400;\">MAGALH\u00c3ES, Isabel Allegro de \u201cD. Teresa de Melo Breyner <em>Osmia<\/em>\u201d <em>Hist\u00f3ria e Antologia da Literatura Portuguesa. S\u00e9culo XVIII<\/em>, volume IV, Lisboa, Funda\u00e7\u00e3o Calouste Gulbenkian, 2013, pp. 401-405<\/p>\n<p style=\"font-weight: 400;\">REBELLO, Luiz Francisco, <em>Breve<\/em> <em>Histo\u0301ria<\/em> <em>do<\/em> <em>Teatro<\/em> <em>Portugue<\/em><em>\u0302<\/em><em>s<\/em>, Lisboa, Publicac\u0327o\u0303es Europa-Ame\u0301rica, 2000, pp.85-88.<\/p>\n<p style=\"font-weight: 400;\">SISMONDI, J. C. L. Sismonde de <em>De la Litteratue du Midi de l\u2019Europe,<\/em> 1813, tomo IV,\u00a0 p.<\/p>\n<p style=\"font-weight: 400;\">TORRES FEIJO\u0301, Elias J., \u201cAd maiorem gloriam&#8230;feminae: Enlightenment women and the introduction of models in Portugal during the second half of the eighteenth century\u201d, <em>Portuguese Studies<\/em>, volume 20, 2004, pp. 73-88.<\/p>\n<p style=\"font-weight: 400;\">","protected":false},"excerpt":{"rendered":"<p>NOME Teresa de Melo Breyner, D. OUTROS NOME(S) Teresa Josefa de Melo Breyner, Condessa do Vimieiro, Condessa de Ficalho PSEUD\u00d3NIMO(S) Tirse, Tirceia Elementos biogr\u00e1ficos PAI Francisco de Mello M\u00c3E Isabel Josefa de \u00a0Breyner e Meneses, 1\u00aa Condessa de Ficalho (1719-1795) LOCAL DE NASCIMENTO Lisboa DATA DE NASCIMENTO\u00a0 1739 LOCAL DA MORTE Lisboa DATA DA MORTE\u00a0 &#8230; <a title=\"Teresa de Melo Breyner, D., Condessa do Vimieiro\" class=\"read-more\" href=\"https:\/\/escritoras-em-portugues.com\/en\/xviii\/teresa-de-melo-breyner-d-condessa-do-vimieiro\/\" aria-label=\"Read more about Teresa de Melo Breyner, D., Condessa do Vimieiro\">Read more<\/a><\/p>","protected":false},"author":3,"featured_media":0,"parent":46,"menu_order":0,"comment_status":"closed","ping_status":"closed","template":"","meta":{"cybocfi_hide_featured_image":"","footnotes":""},"class_list":["post-1181","page","type-page","status-publish"],"_links":{"self":[{"href":"https:\/\/escritoras-em-portugues.com\/en\/wp-json\/wp\/v2\/pages\/1181","targetHints":{"allow":["GET"]}}],"collection":[{"href":"https:\/\/escritoras-em-portugues.com\/en\/wp-json\/wp\/v2\/pages"}],"about":[{"href":"https:\/\/escritoras-em-portugues.com\/en\/wp-json\/wp\/v2\/types\/page"}],"author":[{"embeddable":true,"href":"https:\/\/escritoras-em-portugues.com\/en\/wp-json\/wp\/v2\/users\/3"}],"replies":[{"embeddable":true,"href":"https:\/\/escritoras-em-portugues.com\/en\/wp-json\/wp\/v2\/comments?post=1181"}],"version-history":[{"count":5,"href":"https:\/\/escritoras-em-portugues.com\/en\/wp-json\/wp\/v2\/pages\/1181\/revisions"}],"predecessor-version":[{"id":1868,"href":"https:\/\/escritoras-em-portugues.com\/en\/wp-json\/wp\/v2\/pages\/1181\/revisions\/1868"}],"up":[{"embeddable":true,"href":"https:\/\/escritoras-em-portugues.com\/en\/wp-json\/wp\/v2\/pages\/46"}],"wp:attachment":[{"href":"https:\/\/escritoras-em-portugues.com\/en\/wp-json\/wp\/v2\/media?parent=1181"}],"curies":[{"name":"wp","href":"https:\/\/api.w.org\/{rel}","templated":true}]}}