{"id":420,"date":"2023-04-23T13:28:05","date_gmt":"2023-04-23T16:28:05","guid":{"rendered":"http:\/\/escritoras-em-portugues.provisorio.ws\/?page_id=420"},"modified":"2024-06-04T16:17:27","modified_gmt":"2024-06-04T16:17:27","slug":"filipa-dalmada","status":"publish","type":"page","link":"http:\/\/escritoras-em-portugues.com\/pt_pt\/xv\/filipa-dalmada\/","title":{"rendered":"Filipa d\u2019Almada"},"content":{"rendered":"<p>Nome <strong>Filipa d\u2019Almada<\/strong><\/p>\n<p><strong>Dados biogr\u00e1ficos<\/strong><\/p>\n<p><strong>PAI <\/strong>Jo\u00e3o Vaz, Senhor de Pereira<br \/>\n<strong>M\u00c3E<\/strong>\u00a0Violante de Castro<br \/>\n<strong>DATA DE NASCIMENTO <\/strong>s\u00e9culo XV<br \/>\n<strong>PROFISS\u00c3O \/ CARGO \/ FUN\u00c7\u00c3O <\/strong>Donzela da Casa da Infanta D. Leonor irm\u00e3 de D. Afonso V<br \/>\n<strong>DATA DA MORTE<\/strong> s\u00e9culo XVI<br \/>\n<strong>ESTADO<\/strong>Casada<strong><br \/>\n<\/strong><strong>C\u00d4NJUGUE<\/strong> Rui Gil Moniz (ou Magro), Cavaleiro Fidalgo da Casa de D. Afonso V, Tesoureiro da Moeda da cidade de Lisboa (em 1463)<br \/>\n<strong>LOCAL E DATA DE CASAMENTO<\/strong> Lisboa, 25 de Fevereiro 1451<br \/>\n<strong>FILHOS <\/strong>4<\/p>\n<ol>\n<li>Leonor Moniz<\/li>\n<li>Francisco de Almada<\/li>\n<li>Nicolau Moniz<\/li>\n<li>D. Garcia Moniz<\/li>\n<\/ol>\n<p><strong>Obras<\/strong><\/p>\n<p><strong>OBRAS IMPRESSAS<\/strong><\/p>\n<pre>O que rrecobrar n\u00f5 posso\r\nMundo doordem desygoal\r\nFaz que nam desejo vosso\r\nBem nem quero vosso mal.\r\nMais me praz que assy viva\r\nNo limbo destes favores,\r\nQue vossos tristes amores\r\nMe darem vida catyva.\r\nPesa-me que o mal vosso\r\nJ\u00e1 cuydey de n\u00e3o ser mal, \r\nPraz-me porque sey, e posso \r\nCrer agora de vos al. \r\nFazme muyto rrecear \r\nDe sservir hua donzela, \r\nVer muyta gente queyxar \r\nSempre dela \r\n\r\n<a href=\"http:\/\/purl.pt\/12096\/5\/\"><em>\u201c<\/em>O que recobrar n\u00e3o posso\u201d in.: <em>Cancioneiro Geral de Garcia de Resende,<\/em> Lisboa, por Herman de Campos, 1516, fl.<\/a>\r\n<\/pre>\n<p><strong>Bibliografia<\/strong><\/p>\n<p>Freire, Anselmo Braancamp, <em>Bras\u00f5es da Sala de Sintra,<\/em><\/p>\n<p>Gambetta, Agostinho Pimenta, \u201cPoetas do Cancioneiro Geral e os Moedeiros de Lisboa\u201d <em>Boletim Cultural da Assembleia Distrital de Lisboa, <\/em>Lisboa, III s\u00e9rie, n\u00ba LXXXIII, 1977, pp. 41-42.<\/p>\n<p>Gayo, Felgueiras, <em>Nobili\u00e1rio das Fam\u00edlias Portuguesas,<\/em> 2\u00aa edi\u00e7\u00e3o, Braga, Carvalhos de Basto, 1989, volume I, p. 243.<\/p>\n<p>Moreno, Humberto Baquero, <em>A Batalha de Alfarrobeira. Antecedentes e Significado Hist\u00f3rico, <\/em>Coimbra, Biblioteca Geral da Universidade, 1980, volume II, p. 894<\/p>\n<p><a href=\"http:\/\/purl.pt\/12096\/5\/\">Resende, Garcia de, Cancioneiro Geral de Garcia de Resende, Lisboa, Herm\u00e3 de campos, 1516\u00a0<\/a><\/p>\n<p>Samartin, Roberto Lopez-Iglesias, <em>A dona do tempo antigo. Mulher e campo liter\u00e1rio no Renascimento portugu\u00eas (1495-1557), <\/em>Santiago de Compostela, Edicions Laiovento, 2003.<\/p>\n<p>Sampaio, Albino Forjaz de, <em>As melhores p\u00e1ginas da literatura feminina (poesia), <\/em>Lisboa, Livraia Porpular de Francisco Franco, 1935, pp. 12-13.<\/p>\n<p>S\u00e1nchez Tarr\u00edo, Ana Maria \u201c<em>\u0168 amor demasiado. <\/em>Sobre a carta de amor em verso\u2019 in Jos\u00e9 Lu\u00eds Rodr\u00edguez (ed.), <em>In honorem Ricardo Carbalho Calero<\/em>, Santiago de Compostela, Parlamento de Galicia, Universidade de Santiago, 2000, volume II, pp. 663-676.<\/p>\n<p>Sousa, Ant\u00f3nio Caetano de, <em>Provas da Hist\u00f3ria Geneal\u00f3gica da Casa Real Portuguesa, <\/em>Tomo II, 1\u00aa parte, 1947, p. 32<\/p>\n","protected":false},"excerpt":{"rendered":"<p>Nome Filipa d\u2019Almada Dados biogr\u00e1ficos PAI Jo\u00e3o Vaz, Senhor de Pereira M\u00c3E\u00a0Violante de Castro DATA DE NASCIMENTO s\u00e9culo XV PROFISS\u00c3O \/ CARGO \/ FUN\u00c7\u00c3O Donzela da Casa da Infanta D. Leonor irm\u00e3 de D. Afonso V DATA DA MORTE s\u00e9culo XVI ESTADOCasada C\u00d4NJUGUE Rui Gil Moniz (ou Magro), Cavaleiro Fidalgo da Casa de D. Afonso &#8230; <a title=\"Filipa d\u2019Almada\" class=\"read-more\" href=\"http:\/\/escritoras-em-portugues.com\/pt_pt\/xv\/filipa-dalmada\/\" aria-label=\"Leia mais sobre Filipa d\u2019Almada\">Ler mais<\/a><\/p>\n","protected":false},"author":2,"featured_media":0,"parent":43,"menu_order":0,"comment_status":"closed","ping_status":"closed","template":"","meta":{"cybocfi_hide_featured_image":"","footnotes":""},"class_list":["post-420","page","type-page","status-publish"],"_links":{"self":[{"href":"http:\/\/escritoras-em-portugues.com\/pt_pt\/wp-json\/wp\/v2\/pages\/420","targetHints":{"allow":["GET"]}}],"collection":[{"href":"http:\/\/escritoras-em-portugues.com\/pt_pt\/wp-json\/wp\/v2\/pages"}],"about":[{"href":"http:\/\/escritoras-em-portugues.com\/pt_pt\/wp-json\/wp\/v2\/types\/page"}],"author":[{"embeddable":true,"href":"http:\/\/escritoras-em-portugues.com\/pt_pt\/wp-json\/wp\/v2\/users\/2"}],"replies":[{"embeddable":true,"href":"http:\/\/escritoras-em-portugues.com\/pt_pt\/wp-json\/wp\/v2\/comments?post=420"}],"version-history":[{"count":2,"href":"http:\/\/escritoras-em-portugues.com\/pt_pt\/wp-json\/wp\/v2\/pages\/420\/revisions"}],"predecessor-version":[{"id":1713,"href":"http:\/\/escritoras-em-portugues.com\/pt_pt\/wp-json\/wp\/v2\/pages\/420\/revisions\/1713"}],"up":[{"embeddable":true,"href":"http:\/\/escritoras-em-portugues.com\/pt_pt\/wp-json\/wp\/v2\/pages\/43"}],"wp:attachment":[{"href":"http:\/\/escritoras-em-portugues.com\/pt_pt\/wp-json\/wp\/v2\/media?parent=420"}],"curies":[{"name":"wp","href":"https:\/\/api.w.org\/{rel}","templated":true}]}}