{"id":642,"date":"2023-04-23T17:13:36","date_gmt":"2023-04-23T20:13:36","guid":{"rendered":"http:\/\/escritoras-em-portugues.provisorio.ws\/?page_id=642"},"modified":"2024-06-04T19:35:22","modified_gmt":"2024-06-04T19:35:22","slug":"maria-de-sousa","status":"publish","type":"page","link":"http:\/\/escritoras-em-portugues.com\/en\/xv\/maria-de-sousa\/","title":{"rendered":"Maria de Sousa"},"content":{"rendered":"<p><strong>NAME<\/strong> Maria de Sousa<\/p>\n<p><strong>Dados biogr\u00e1ficos<\/strong><\/p>\n<p><strong>DATE OF BIRTH<\/strong> XV century<br \/>\n<strong>PROFESSION \/ POSITION \/ FUNCTION<\/strong> Donzela da Senhora D. Filipa d\u2019Almada<br \/>\n<strong>INSTITUTIONS<\/strong> Corte de D. Afonso V<br \/>\n<strong>DATE OF DEATH <\/strong>XVI century<\/p>\n<p><strong>WORKS<\/strong><\/p>\n<p><strong>PRINTED WORKS<\/strong><\/p>\n<pre>S\u2019a fei\u00e7\u00e3o me n\u00e3o engana,\r\nSois em cabo gracioso,\r\nE agora t\u00e3o pomposo\r\nAndareis com vossa cana.\r\nDiante das iguarias\r\nCom guarda guarda-porteiro,\r\nCom o rol das moradias,\r\nJ\u00e1 agora neste Janeiro.\r\n\r\nin.: <a href=\"http:\/\/purl.pt\/12096\/5\/\">RESENDE, Garcia de,<em> Cancioneiro Geral de Garcia de Resende, <\/em>Lisboa, por Herm\u00e3 de Campos, 1516 , fl.<\/a>\r\n<\/pre>\n<p><strong>BIBLIOGRAPHY<\/strong><\/p>\n<p>DIAS, Aida Fernanda, <em>Cancioneiro Geral de Garcia de Resende, <\/em>Lisboa, Imprensa Nacional \u2013 Casa da Moeda, 1993, vol.III, 600, p. 275, p. 276.<\/p>\n<p>DIAS Ainda Fernanda \u201cAs mulheres nas letras portuguesas medievais\u201d <em>Santa Barbara Portuguese Studies, First series, <\/em>volume III, 1996, p. 12.<\/p>\n<p><a href=\"http:\/\/purl.pt\/12096\/5\/\">RESENDE, Garcia de,<em> Cancioneiro Geral de Garcia de Resende, <\/em>Lisboa, por Herm\u00e3 de Campos, 1516 , fl.<\/a><\/p>\n<p>SAMARTIN, Roberto Lopez-Iglesias, <em>A dona do tempo antigo. Mulher e campo liter\u00e1rio no Renascimento portugu\u00eas (1495-1557), <\/em>Santiago de Compostela, Edicions Laiovento, 2003.<\/p>\n<p>S\u00c1NCHEZ TARR\u00cdO, Ana Maria \u201c<em>\u0168 amor demasiado. <\/em>Sobre a carta de amor em verso\u2019 in Jos\u00e9 Lu\u00eds Rodr\u00edguez (ed.), <em>In honorem Ricardo Carbalho Calero<\/em>, Santiago de Compostela, Parlamento de Galicia, Universidade de Santiago, 2000, volume II, pp. 663-676.<\/p>","protected":false},"excerpt":{"rendered":"<p>NOME Maria de Sousa Dados biogr\u00e1ficos DATA DE NASCIMENTO S\u00e9culo XV PROFISS\u00c3O \/ CARGO \/ FUN\u00c7\u00c3O Donzela da Senhora D. Filipa d\u2019Almada INSTITUI\u00c7\u00d5ES QUE FREQUENTOU Corte de D. Afonso V DATA DA MORTE S\u00e9culo XVI Obra OBRAS IMPRESSAS S\u2019a fei\u00e7\u00e3o me n\u00e3o engana, Sois em cabo gracioso, E agora t\u00e3o pomposo Andareis com vossa cana. &#8230; <a title=\"Maria de Sousa\" class=\"read-more\" href=\"http:\/\/escritoras-em-portugues.com\/en\/xv\/maria-de-sousa\/\" aria-label=\"Read more about Maria de Sousa\">Read more<\/a><\/p>","protected":false},"author":2,"featured_media":0,"parent":43,"menu_order":0,"comment_status":"closed","ping_status":"closed","template":"","meta":{"cybocfi_hide_featured_image":"","footnotes":""},"class_list":["post-642","page","type-page","status-publish"],"_links":{"self":[{"href":"http:\/\/escritoras-em-portugues.com\/en\/wp-json\/wp\/v2\/pages\/642","targetHints":{"allow":["GET"]}}],"collection":[{"href":"http:\/\/escritoras-em-portugues.com\/en\/wp-json\/wp\/v2\/pages"}],"about":[{"href":"http:\/\/escritoras-em-portugues.com\/en\/wp-json\/wp\/v2\/types\/page"}],"author":[{"embeddable":true,"href":"http:\/\/escritoras-em-portugues.com\/en\/wp-json\/wp\/v2\/users\/2"}],"replies":[{"embeddable":true,"href":"http:\/\/escritoras-em-portugues.com\/en\/wp-json\/wp\/v2\/comments?post=642"}],"version-history":[{"count":2,"href":"http:\/\/escritoras-em-portugues.com\/en\/wp-json\/wp\/v2\/pages\/642\/revisions"}],"predecessor-version":[{"id":1746,"href":"http:\/\/escritoras-em-portugues.com\/en\/wp-json\/wp\/v2\/pages\/642\/revisions\/1746"}],"up":[{"embeddable":true,"href":"http:\/\/escritoras-em-portugues.com\/en\/wp-json\/wp\/v2\/pages\/43"}],"wp:attachment":[{"href":"http:\/\/escritoras-em-portugues.com\/en\/wp-json\/wp\/v2\/media?parent=642"}],"curies":[{"name":"wp","href":"https:\/\/api.w.org\/{rel}","templated":true}]}}